{"id":36,"date":"2012-03-08T17:36:06","date_gmt":"2012-03-08T17:36:06","guid":{"rendered":"http:\/\/svgehrden-q2.de\/?page_id=36"},"modified":"2023-01-08T18:05:49","modified_gmt":"2023-01-08T17:05:49","slug":"impressum","status":"publish","type":"page","link":"http:\/\/svgehrden-q2.de\/?page_id=36","title":{"rendered":"Impressum"},"content":{"rendered":"<div class=\"fcbkbttn_buttons_block\" id=\"fcbkbttn_left\"><div class=\"fcbkbttn_button\">\n                            <a href=\"https:\/\/www.facebook.com\/\" target=\"_blank\">\n                                <img decoding=\"async\" src=\"http:\/\/svgehrden-q2.de\/wp-content\/plugins\/facebook-button-plugin\/images\/standard-facebook-ico.png\" alt=\"Fb-Button\" \/>\n                            <\/a>\n                        <\/div><div class=\"fcbkbttn_like \"><fb:like href=\"http:\/\/svgehrden-q2.de\/?page_id=36\" action=\"like\" colorscheme=\"light\" layout=\"standard\"  width=\"225px\" size=\"small\"><\/fb:like><\/div><\/div><p><strong>Die Webseite www.svgehrden-Q2.de wird betrieben von:<\/strong><\/p>\n<p>Andre Schrader<br \/>\nKapellenstra\u00dfe 14<br \/>\n31832 Springe<br \/>\nE-Mail: anmijaro@web.de<br \/>\nTel.: 05041-989533<\/p>\n<p><strong>Haftungshinweis:<\/strong><\/p>\n<p>Der Betreiber pr\u00fcft und aktualisiert die Informationen auf den Webseiten st\u00e4ndig. Trotz aller Sorgfalt k\u00f6nnen sich die Daten inzwischen ver\u00e4ndert haben. Eine Haftung oder Garantie f\u00fcr die Aktualit\u00e4t, Richtigkeit und Vollst\u00e4ndigkeit der zur Verf\u00fcgung gestellten Informationen kann daher nicht \u00fcbernommen werden.<\/p>\n<p>Gleiches gilt auch f\u00fcr die Inhalte der externen Links. F\u00fcr die Inhalte der verlinkten Internetseiten sind \u00a0ausschlie\u00dflich deren Betreiber verantwortlich.<\/p>\n<p><strong>Urheberrecht:<\/strong><\/p>\n<p>Erscheinungsbild, Inhalt und Struktur der Websites von www.svgehrden-Q2.de sind urheberrechtlich gesch\u00fctzt. Die auf diesen Webseiten verwendeten Inhalte, Texte, Bilder, Grafiken und sonstigen Dateien unterliegen den Schutz des Urheberrechts und anderer Schutzgesetze. Der Inhalt dieser Webseite darf ohne Erlaubnis der Betreiber weder zu kommerziellen, noch zu anderen Zwecken kopiert, verbreitet, oder ver\u00e4ndert werden. Einige Inhalte dieser Webseiten unterliegen ferner dem Urheberrecht von Dritten und werden im Rahmen dieses Angebots mit ausdr\u00fccklicher Erlaubnis genutzt.<\/p>\n","protected":false},"excerpt":{"rendered":"<p>Die Webseite www.svgehrden-Q2.de wird betrieben von: Andre Schrader Kapellenstra\u00dfe 14 31832 Springe E-Mail: anmijaro@web.de Tel.: 05041-989533 Haftungshinweis: Der Betreiber pr\u00fcft und aktualisiert die Informationen auf den Webseiten st\u00e4ndig. Trotz aller Sorgfalt k\u00f6nnen sich die Daten inzwischen ver\u00e4ndert haben. Eine Haftung oder Garantie f\u00fcr die Aktualit\u00e4t, Richtigkeit und Vollst\u00e4ndigkeit der zur Verf\u00fcgung gestellten Informationen kann daher nicht \u00fcbernommen werden. Gleiches gilt auch f\u00fcr die Inhalte der externen Links. F\u00fcr die Inhalte der verlinkten Internetseiten sind \u00a0ausschlie\u00dflich deren Betreiber verantwortlich. Urheberrecht: Erscheinungsbild, Inhalt und Struktur der Websites von www.svgehrden-Q2.de sind urheberrechtlich gesch\u00fctzt. Die auf diesen Webseiten verwendeten Inhalte, Texte, Bilder, Grafiken und sonstigen Dateien unterliegen den Schutz des Urheberrechts und anderer Schutzgesetze. &hellip; <a href=\"http:\/\/svgehrden-q2.de\/?page_id=36\">Weiterlesen <span class=\"meta-nav\">&rarr;<\/span><\/a><\/p>\n","protected":false},"author":1,"featured_media":0,"parent":0,"menu_order":8,"comment_status":"closed","ping_status":"closed","template":"","meta":{"ngg_post_thumbnail":0,"footnotes":""},"_links":{"self":[{"href":"http:\/\/svgehrden-q2.de\/index.php?rest_route=\/wp\/v2\/pages\/36"}],"collection":[{"href":"http:\/\/svgehrden-q2.de\/index.php?rest_route=\/wp\/v2\/pages"}],"about":[{"href":"http:\/\/svgehrden-q2.de\/index.php?rest_route=\/wp\/v2\/types\/page"}],"author":[{"embeddable":true,"href":"http:\/\/svgehrden-q2.de\/index.php?rest_route=\/wp\/v2\/users\/1"}],"replies":[{"embeddable":true,"href":"http:\/\/svgehrden-q2.de\/index.php?rest_route=%2Fwp%2Fv2%2Fcomments&post=36"}],"version-history":[{"count":10,"href":"http:\/\/svgehrden-q2.de\/index.php?rest_route=\/wp\/v2\/pages\/36\/revisions"}],"predecessor-version":[{"id":1709,"href":"http:\/\/svgehrden-q2.de\/index.php?rest_route=\/wp\/v2\/pages\/36\/revisions\/1709"}],"wp:attachment":[{"href":"http:\/\/svgehrden-q2.de\/index.php?rest_route=%2Fwp%2Fv2%2Fmedia&parent=36"}],"curies":[{"name":"wp","href":"https:\/\/api.w.org\/{rel}","templated":true}]}}